{"id":5162,"date":"2023-04-29T13:40:02","date_gmt":"2023-04-29T10:40:02","guid":{"rendered":"https:\/\/stage.www.cobalt.legal\/expert\/ivo-maskalans\/"},"modified":"2026-04-09T14:58:33","modified_gmt":"2026-04-09T11:58:33","slug":"ivo-maskalans","status":"publish","type":"expert","link":"https:\/\/www.cobalt.legal\/lv\/people\/ivo-maskalans\/","title":{"rendered":"Ivo Maskal\u0101ns"},"featured_media":38370,"template":"","country":[96],"group":[110],"lawyer_position":[342],"position":[115,297],"class_list":["post-5162","expert","type-expert","status-publish","has-post-thumbnail","hentry","country-latvia-lv","group-lawyers-lv","lawyer_position-vecakie-juristi","position-senior-associate-lv","position-vecakais-specialists-zverinats-advokats"],"acf":[],"yoast_head":"<!-- This site is optimized with the Yoast SEO plugin v27.3 - https:\/\/yoast.com\/product\/yoast-seo-wordpress\/ -->\n<title>Ivo Maskal\u0101ns | COBALT<\/title>\n<meta name=\"description\" content=\"Ivo Maskal\u0101ns pal\u012bdz klientiem ar konkurences un darba ties\u012bb\u0101m saist\u012btos jaut\u0101jumos gan, p\u0101rst\u0101vot klientus Konkurences padom\u0113, Valsts darba inspekcij\u0101 un ties\u0101s, gan pal\u012bdzot tiem piel\u0101got savu darb\u012bbu likuma regul\u0113jumam. T\u0101pat vi\u0146\u0161 p\u0101rst\u0101v klientus sarun\u0101s ar valsts iest\u0101d\u0113m un arodbiedr\u012bb\u0101m. Ivo ir p\u0101rst\u0101v\u0113jis klientus vair\u0101k\u0101s noz\u012bm\u012bg\u0101s tiesu liet\u0101s gan, apstr\u012bdot Konkurences padomes l\u0113mumus, gan jaut\u0101jumos par darbinieku diskrimin\u0101ciju, atbr\u012bvo\u0161anu no darba un uz\u0146\u0113muma p\u0101reju. Vair\u0101ku darba un konkurences ties\u012bbu jaut\u0101jumiem velt\u012btu konferen\u010du referents un publik\u0101ciju autors.T\u0101pat Ivo specializ\u0113jas jaut\u0101jumos, kas saist\u012bti ar specifisku pre\u010du un pakalpojumu (piem\u0113ram, ikdienas pre\u010du mazumtirdzniec\u012bba un farm\u0101cija) izplat\u012b\u0161anas regul\u0113jumu.\" \/>\n<meta name=\"robots\" content=\"index, follow, max-snippet:-1, max-image-preview:large, max-video-preview:-1\" \/>\n<link rel=\"canonical\" href=\"https:\/\/www.cobalt.legal\/lv\/people\/ivo-maskalans\/\" \/>\n<meta property=\"og:locale\" content=\"lv_LV\" \/>\n<meta property=\"og:type\" content=\"article\" \/>\n<meta property=\"og:title\" content=\"Ivo Maskal\u0101ns | COBALT\" \/>\n<meta property=\"og:description\" content=\"Ivo Maskal\u0101ns pal\u012bdz klientiem ar konkurences un darba ties\u012bb\u0101m saist\u012btos jaut\u0101jumos gan, p\u0101rst\u0101vot klientus Konkurences padom\u0113, Valsts darba inspekcij\u0101 un ties\u0101s, gan pal\u012bdzot tiem piel\u0101got savu darb\u012bbu likuma regul\u0113jumam. T\u0101pat vi\u0146\u0161 p\u0101rst\u0101v klientus sarun\u0101s ar valsts iest\u0101d\u0113m un arodbiedr\u012bb\u0101m. Ivo ir p\u0101rst\u0101v\u0113jis klientus vair\u0101k\u0101s noz\u012bm\u012bg\u0101s tiesu liet\u0101s gan, apstr\u012bdot Konkurences padomes l\u0113mumus, gan jaut\u0101jumos par darbinieku diskrimin\u0101ciju, atbr\u012bvo\u0161anu no darba un uz\u0146\u0113muma p\u0101reju. Vair\u0101ku darba un konkurences ties\u012bbu jaut\u0101jumiem velt\u012btu konferen\u010du referents un publik\u0101ciju autors.T\u0101pat Ivo specializ\u0113jas jaut\u0101jumos, kas saist\u012bti ar specifisku pre\u010du un pakalpojumu (piem\u0113ram, ikdienas pre\u010du mazumtirdzniec\u012bba un farm\u0101cija) izplat\u012b\u0161anas regul\u0113jumu.\" \/>\n<meta property=\"og:url\" content=\"https:\/\/www.cobalt.legal\/lv\/people\/ivo-maskalans\/\" \/>\n<meta property=\"og:site_name\" content=\"COBALT\" \/>\n<meta property=\"article:publisher\" content=\"https:\/\/www.facebook.com\/CobaltLegal\/\" \/>\n<meta property=\"article:modified_time\" content=\"2026-04-09T11:58:33+00:00\" \/>\n<meta property=\"og:image\" content=\"https:\/\/www.cobalt.legal\/wp-content\/uploads\/2023\/04\/ivo-maskalans-2044x1788-3.jpg\" \/>\n\t<meta property=\"og:image:width\" content=\"2024\" \/>\n\t<meta property=\"og:image:height\" content=\"1770\" \/>\n\t<meta property=\"og:image:type\" content=\"image\/jpeg\" \/>\n<meta name=\"twitter:card\" content=\"summary_large_image\" \/>\n<meta name=\"twitter:label1\" content=\"Est. reading time\" \/>\n\t<meta name=\"twitter:data1\" content=\"1 minute\" \/>\n<script type=\"application\/ld+json\" class=\"yoast-schema-graph\">{\"@context\":\"https:\\\/\\\/schema.org\",\"@graph\":[{\"@type\":\"WebPage\",\"@id\":\"https:\\\/\\\/www.cobalt.legal\\\/lv\\\/people\\\/ivo-maskalans\\\/\",\"url\":\"https:\\\/\\\/www.cobalt.legal\\\/lv\\\/people\\\/ivo-maskalans\\\/\",\"name\":\"Ivo Maskal\u0101ns | COBALT\",\"isPartOf\":{\"@id\":\"https:\\\/\\\/www.cobalt.legal\\\/lv\\\/#website\"},\"primaryImageOfPage\":{\"@id\":\"https:\\\/\\\/www.cobalt.legal\\\/lv\\\/people\\\/ivo-maskalans\\\/#primaryimage\"},\"image\":{\"@id\":\"https:\\\/\\\/www.cobalt.legal\\\/lv\\\/people\\\/ivo-maskalans\\\/#primaryimage\"},\"thumbnailUrl\":\"https:\\\/\\\/www.cobalt.legal\\\/wp-content\\\/uploads\\\/2023\\\/04\\\/ivo-maskalans-2044x1788-3.jpg\",\"datePublished\":\"2023-04-29T10:40:02+00:00\",\"dateModified\":\"2026-04-09T11:58:33+00:00\",\"description\":\"Ivo Maskal\u0101ns pal\u012bdz klientiem ar konkurences un darba ties\u012bb\u0101m saist\u012btos jaut\u0101jumos gan, p\u0101rst\u0101vot klientus Konkurences padom\u0113, Valsts darba inspekcij\u0101 un ties\u0101s, gan pal\u012bdzot tiem piel\u0101got savu darb\u012bbu likuma regul\u0113jumam. T\u0101pat vi\u0146\u0161 p\u0101rst\u0101v klientus sarun\u0101s ar valsts iest\u0101d\u0113m un arodbiedr\u012bb\u0101m. Ivo ir p\u0101rst\u0101v\u0113jis klientus vair\u0101k\u0101s noz\u012bm\u012bg\u0101s tiesu liet\u0101s gan, apstr\u012bdot Konkurences padomes l\u0113mumus, gan jaut\u0101jumos par darbinieku diskrimin\u0101ciju, atbr\u012bvo\u0161anu no darba un uz\u0146\u0113muma p\u0101reju. Vair\u0101ku darba un konkurences ties\u012bbu jaut\u0101jumiem velt\u012btu konferen\u010du referents un publik\u0101ciju autors.T\u0101pat Ivo specializ\u0113jas jaut\u0101jumos, kas saist\u012bti ar specifisku pre\u010du un pakalpojumu (piem\u0113ram, ikdienas pre\u010du mazumtirdzniec\u012bba un farm\u0101cija) izplat\u012b\u0161anas regul\u0113jumu.\",\"breadcrumb\":{\"@id\":\"https:\\\/\\\/www.cobalt.legal\\\/lv\\\/people\\\/ivo-maskalans\\\/#breadcrumb\"},\"inLanguage\":\"lv-LV\",\"potentialAction\":[{\"@type\":\"ReadAction\",\"target\":[\"https:\\\/\\\/www.cobalt.legal\\\/lv\\\/people\\\/ivo-maskalans\\\/\"]}]},{\"@type\":\"ImageObject\",\"inLanguage\":\"lv-LV\",\"@id\":\"https:\\\/\\\/www.cobalt.legal\\\/lv\\\/people\\\/ivo-maskalans\\\/#primaryimage\",\"url\":\"https:\\\/\\\/www.cobalt.legal\\\/wp-content\\\/uploads\\\/2023\\\/04\\\/ivo-maskalans-2044x1788-3.jpg\",\"contentUrl\":\"https:\\\/\\\/www.cobalt.legal\\\/wp-content\\\/uploads\\\/2023\\\/04\\\/ivo-maskalans-2044x1788-3.jpg\",\"width\":2024,\"height\":1770},{\"@type\":\"BreadcrumbList\",\"@id\":\"https:\\\/\\\/www.cobalt.legal\\\/lv\\\/people\\\/ivo-maskalans\\\/#breadcrumb\",\"itemListElement\":[{\"@type\":\"ListItem\",\"position\":1,\"name\":\"Home\",\"item\":\"https:\\\/\\\/www.cobalt.legal\\\/lv\\\/\"},{\"@type\":\"ListItem\",\"position\":2,\"name\":\"Ivo Maskal\u0101ns\"}]},{\"@type\":\"WebSite\",\"@id\":\"https:\\\/\\\/www.cobalt.legal\\\/lv\\\/#website\",\"url\":\"https:\\\/\\\/www.cobalt.legal\\\/lv\\\/\",\"name\":\"COBALT\",\"description\":\"Top-tier law services in Estonia, Latvia and Lithuania\",\"publisher\":{\"@id\":\"https:\\\/\\\/www.cobalt.legal\\\/lv\\\/#organization\"},\"potentialAction\":[{\"@type\":\"SearchAction\",\"target\":{\"@type\":\"EntryPoint\",\"urlTemplate\":\"https:\\\/\\\/www.cobalt.legal\\\/lv\\\/?s={search_term_string}\"},\"query-input\":{\"@type\":\"PropertyValueSpecification\",\"valueRequired\":true,\"valueName\":\"search_term_string\"}}],\"inLanguage\":\"lv-LV\"},{\"@type\":\"Organization\",\"@id\":\"https:\\\/\\\/www.cobalt.legal\\\/lv\\\/#organization\",\"name\":\"COBALT\",\"url\":\"https:\\\/\\\/www.cobalt.legal\\\/lv\\\/\",\"logo\":{\"@type\":\"ImageObject\",\"inLanguage\":\"lv-LV\",\"@id\":\"https:\\\/\\\/www.cobalt.legal\\\/lv\\\/#\\\/schema\\\/logo\\\/image\\\/\",\"url\":\"https:\\\/\\\/www.cobalt.legal\\\/wp-content\\\/uploads\\\/2023\\\/04\\\/cobalt-logo.png\",\"contentUrl\":\"https:\\\/\\\/www.cobalt.legal\\\/wp-content\\\/uploads\\\/2023\\\/04\\\/cobalt-logo.png\",\"width\":400,\"height\":116,\"caption\":\"COBALT\"},\"image\":{\"@id\":\"https:\\\/\\\/www.cobalt.legal\\\/lv\\\/#\\\/schema\\\/logo\\\/image\\\/\"},\"sameAs\":[\"https:\\\/\\\/www.facebook.com\\\/CobaltLegal\\\/\"]}]}<\/script>\n<!-- \/ Yoast SEO plugin. -->","yoast_head_json":{"title":"Ivo Maskal\u0101ns | COBALT","description":"Ivo Maskal\u0101ns pal\u012bdz klientiem ar konkurences un darba ties\u012bb\u0101m saist\u012btos jaut\u0101jumos gan, p\u0101rst\u0101vot klientus Konkurences padom\u0113, Valsts darba inspekcij\u0101 un ties\u0101s, gan pal\u012bdzot tiem piel\u0101got savu darb\u012bbu likuma regul\u0113jumam. T\u0101pat vi\u0146\u0161 p\u0101rst\u0101v klientus sarun\u0101s ar valsts iest\u0101d\u0113m un arodbiedr\u012bb\u0101m. Ivo ir p\u0101rst\u0101v\u0113jis klientus vair\u0101k\u0101s noz\u012bm\u012bg\u0101s tiesu liet\u0101s gan, apstr\u012bdot Konkurences padomes l\u0113mumus, gan jaut\u0101jumos par darbinieku diskrimin\u0101ciju, atbr\u012bvo\u0161anu no darba un uz\u0146\u0113muma p\u0101reju. Vair\u0101ku darba un konkurences ties\u012bbu jaut\u0101jumiem velt\u012btu konferen\u010du referents un publik\u0101ciju autors.T\u0101pat Ivo specializ\u0113jas jaut\u0101jumos, kas saist\u012bti ar specifisku pre\u010du un pakalpojumu (piem\u0113ram, ikdienas pre\u010du mazumtirdzniec\u012bba un farm\u0101cija) izplat\u012b\u0161anas regul\u0113jumu.","robots":{"index":"index","follow":"follow","max-snippet":"max-snippet:-1","max-image-preview":"max-image-preview:large","max-video-preview":"max-video-preview:-1"},"canonical":"https:\/\/www.cobalt.legal\/lv\/people\/ivo-maskalans\/","og_locale":"lv_LV","og_type":"article","og_title":"Ivo Maskal\u0101ns | COBALT","og_description":"Ivo Maskal\u0101ns pal\u012bdz klientiem ar konkurences un darba ties\u012bb\u0101m saist\u012btos jaut\u0101jumos gan, p\u0101rst\u0101vot klientus Konkurences padom\u0113, Valsts darba inspekcij\u0101 un ties\u0101s, gan pal\u012bdzot tiem piel\u0101got savu darb\u012bbu likuma regul\u0113jumam. T\u0101pat vi\u0146\u0161 p\u0101rst\u0101v klientus sarun\u0101s ar valsts iest\u0101d\u0113m un arodbiedr\u012bb\u0101m. Ivo ir p\u0101rst\u0101v\u0113jis klientus vair\u0101k\u0101s noz\u012bm\u012bg\u0101s tiesu liet\u0101s gan, apstr\u012bdot Konkurences padomes l\u0113mumus, gan jaut\u0101jumos par darbinieku diskrimin\u0101ciju, atbr\u012bvo\u0161anu no darba un uz\u0146\u0113muma p\u0101reju. Vair\u0101ku darba un konkurences ties\u012bbu jaut\u0101jumiem velt\u012btu konferen\u010du referents un publik\u0101ciju autors.T\u0101pat Ivo specializ\u0113jas jaut\u0101jumos, kas saist\u012bti ar specifisku pre\u010du un pakalpojumu (piem\u0113ram, ikdienas pre\u010du mazumtirdzniec\u012bba un farm\u0101cija) izplat\u012b\u0161anas regul\u0113jumu.","og_url":"https:\/\/www.cobalt.legal\/lv\/people\/ivo-maskalans\/","og_site_name":"COBALT","article_publisher":"https:\/\/www.facebook.com\/CobaltLegal\/","article_modified_time":"2026-04-09T11:58:33+00:00","og_image":[{"width":2024,"height":1770,"url":"https:\/\/www.cobalt.legal\/wp-content\/uploads\/2023\/04\/ivo-maskalans-2044x1788-3.jpg","type":"image\/jpeg"}],"twitter_card":"summary_large_image","twitter_misc":{"Est. reading time":"1 minute"},"schema":{"@context":"https:\/\/schema.org","@graph":[{"@type":"WebPage","@id":"https:\/\/www.cobalt.legal\/lv\/people\/ivo-maskalans\/","url":"https:\/\/www.cobalt.legal\/lv\/people\/ivo-maskalans\/","name":"Ivo Maskal\u0101ns | COBALT","isPartOf":{"@id":"https:\/\/www.cobalt.legal\/lv\/#website"},"primaryImageOfPage":{"@id":"https:\/\/www.cobalt.legal\/lv\/people\/ivo-maskalans\/#primaryimage"},"image":{"@id":"https:\/\/www.cobalt.legal\/lv\/people\/ivo-maskalans\/#primaryimage"},"thumbnailUrl":"https:\/\/www.cobalt.legal\/wp-content\/uploads\/2023\/04\/ivo-maskalans-2044x1788-3.jpg","datePublished":"2023-04-29T10:40:02+00:00","dateModified":"2026-04-09T11:58:33+00:00","description":"Ivo Maskal\u0101ns pal\u012bdz klientiem ar konkurences un darba ties\u012bb\u0101m saist\u012btos jaut\u0101jumos gan, p\u0101rst\u0101vot klientus Konkurences padom\u0113, Valsts darba inspekcij\u0101 un ties\u0101s, gan pal\u012bdzot tiem piel\u0101got savu darb\u012bbu likuma regul\u0113jumam. T\u0101pat vi\u0146\u0161 p\u0101rst\u0101v klientus sarun\u0101s ar valsts iest\u0101d\u0113m un arodbiedr\u012bb\u0101m. Ivo ir p\u0101rst\u0101v\u0113jis klientus vair\u0101k\u0101s noz\u012bm\u012bg\u0101s tiesu liet\u0101s gan, apstr\u012bdot Konkurences padomes l\u0113mumus, gan jaut\u0101jumos par darbinieku diskrimin\u0101ciju, atbr\u012bvo\u0161anu no darba un uz\u0146\u0113muma p\u0101reju. Vair\u0101ku darba un konkurences ties\u012bbu jaut\u0101jumiem velt\u012btu konferen\u010du referents un publik\u0101ciju autors.T\u0101pat Ivo specializ\u0113jas jaut\u0101jumos, kas saist\u012bti ar specifisku pre\u010du un pakalpojumu (piem\u0113ram, ikdienas pre\u010du mazumtirdzniec\u012bba un farm\u0101cija) izplat\u012b\u0161anas regul\u0113jumu.","breadcrumb":{"@id":"https:\/\/www.cobalt.legal\/lv\/people\/ivo-maskalans\/#breadcrumb"},"inLanguage":"lv-LV","potentialAction":[{"@type":"ReadAction","target":["https:\/\/www.cobalt.legal\/lv\/people\/ivo-maskalans\/"]}]},{"@type":"ImageObject","inLanguage":"lv-LV","@id":"https:\/\/www.cobalt.legal\/lv\/people\/ivo-maskalans\/#primaryimage","url":"https:\/\/www.cobalt.legal\/wp-content\/uploads\/2023\/04\/ivo-maskalans-2044x1788-3.jpg","contentUrl":"https:\/\/www.cobalt.legal\/wp-content\/uploads\/2023\/04\/ivo-maskalans-2044x1788-3.jpg","width":2024,"height":1770},{"@type":"BreadcrumbList","@id":"https:\/\/www.cobalt.legal\/lv\/people\/ivo-maskalans\/#breadcrumb","itemListElement":[{"@type":"ListItem","position":1,"name":"Home","item":"https:\/\/www.cobalt.legal\/lv\/"},{"@type":"ListItem","position":2,"name":"Ivo Maskal\u0101ns"}]},{"@type":"WebSite","@id":"https:\/\/www.cobalt.legal\/lv\/#website","url":"https:\/\/www.cobalt.legal\/lv\/","name":"COBALT","description":"Top-tier law services in Estonia, Latvia and Lithuania","publisher":{"@id":"https:\/\/www.cobalt.legal\/lv\/#organization"},"potentialAction":[{"@type":"SearchAction","target":{"@type":"EntryPoint","urlTemplate":"https:\/\/www.cobalt.legal\/lv\/?s={search_term_string}"},"query-input":{"@type":"PropertyValueSpecification","valueRequired":true,"valueName":"search_term_string"}}],"inLanguage":"lv-LV"},{"@type":"Organization","@id":"https:\/\/www.cobalt.legal\/lv\/#organization","name":"COBALT","url":"https:\/\/www.cobalt.legal\/lv\/","logo":{"@type":"ImageObject","inLanguage":"lv-LV","@id":"https:\/\/www.cobalt.legal\/lv\/#\/schema\/logo\/image\/","url":"https:\/\/www.cobalt.legal\/wp-content\/uploads\/2023\/04\/cobalt-logo.png","contentUrl":"https:\/\/www.cobalt.legal\/wp-content\/uploads\/2023\/04\/cobalt-logo.png","width":400,"height":116,"caption":"COBALT"},"image":{"@id":"https:\/\/www.cobalt.legal\/lv\/#\/schema\/logo\/image\/"},"sameAs":["https:\/\/www.facebook.com\/CobaltLegal\/"]}]}},"_links":{"self":[{"href":"https:\/\/www.cobalt.legal\/lv\/wp-json\/wp\/v2\/expert\/5162","targetHints":{"allow":["GET"]}}],"collection":[{"href":"https:\/\/www.cobalt.legal\/lv\/wp-json\/wp\/v2\/expert"}],"about":[{"href":"https:\/\/www.cobalt.legal\/lv\/wp-json\/wp\/v2\/types\/expert"}],"wp:featuredmedia":[{"embeddable":true,"href":"https:\/\/www.cobalt.legal\/lv\/wp-json\/wp\/v2\/media\/38370"}],"wp:attachment":[{"href":"https:\/\/www.cobalt.legal\/lv\/wp-json\/wp\/v2\/media?parent=5162"}],"wp:term":[{"taxonomy":"country","embeddable":true,"href":"https:\/\/www.cobalt.legal\/lv\/wp-json\/wp\/v2\/country?post=5162"},{"taxonomy":"group","embeddable":true,"href":"https:\/\/www.cobalt.legal\/lv\/wp-json\/wp\/v2\/group?post=5162"},{"taxonomy":"lawyer_position","embeddable":true,"href":"https:\/\/www.cobalt.legal\/lv\/wp-json\/wp\/v2\/lawyer_position?post=5162"},{"taxonomy":"position","embeddable":true,"href":"https:\/\/www.cobalt.legal\/lv\/wp-json\/wp\/v2\/position?post=5162"}],"curies":[{"name":"wp","href":"https:\/\/api.w.org\/{rel}","templated":true}]}}